{"id":2321,"date":"2024-11-08T12:59:41","date_gmt":"2024-11-08T12:59:41","guid":{"rendered":"https:\/\/expoflora.fr\/?page_id=2321"},"modified":"2024-11-08T13:06:58","modified_gmt":"2024-11-08T13:06:58","slug":"mentions-legales","status":"publish","type":"page","link":"https:\/\/expoflora.fr\/en\/mentions-legales\/","title":{"rendered":"Legal notices"},"content":{"rendered":"<div data-elementor-type=\"wp-page\" data-elementor-id=\"2321\" class=\"elementor elementor-2321\" data-elementor-post-type=\"page\">\n\t\t\t\t<div class=\"elementor-element elementor-element-ecfca3d e-con-full pageHead e-flex e-con e-parent\" data-id=\"ecfca3d\" data-element_type=\"container\" data-settings=\"{&quot;background_background&quot;:&quot;classic&quot;}\">\n\t\t<div class=\"elementor-element elementor-element-8f134a5 e-con-full e-flex e-con e-child\" data-id=\"8f134a5\" data-element_type=\"container\">\n\t\t\t\t<div class=\"elementor-element elementor-element-834d47c elementor-widget elementor-widget-image\" data-id=\"834d47c\" data-element_type=\"widget\" data-widget_type=\"image.default\">\n\t\t\t\t<div class=\"elementor-widget-container\">\n\t\t\t\t\t\t\t\t\t\t\t\t\t\t\t\t<a href=\"#elementor-action%3Aaction%3Dpopup%3Aopen%26settings%3DeyJpZCI6IjE2MDIiLCJ0b2dnbGUiOmZhbHNlfQ%3D%3D\">\n\t\t\t\t\t\t\t<img decoding=\"async\" width=\"39\" height=\"28\" src=\"https:\/\/expoflora.fr\/wp-content\/uploads\/2024\/10\/menu-toggle.png\" class=\"attachment-full size-full wp-image-1608\" alt=\"\" \/>\t\t\t\t\t\t\t\t<\/a>\n\t\t\t\t\t\t\t\t\t\t\t\t\t\t\t<\/div>\n\t\t\t\t<\/div>\n\t\t\t\t<\/div>\n\t\t<div class=\"elementor-element elementor-element-66636ad e-con-full e-flex e-con e-child\" data-id=\"66636ad\" data-element_type=\"container\">\n\t\t\t\t<div class=\"elementor-element elementor-element-99feaaf elementor-widget elementor-widget-image\" data-id=\"99feaaf\" data-element_type=\"widget\" data-widget_type=\"image.default\">\n\t\t\t\t<div class=\"elementor-widget-container\">\n\t\t\t\t\t\t\t\t\t\t\t\t\t\t\t\t<a href=\"https:\/\/expoflora.fr\/en\/\">\n\t\t\t\t\t\t\t<img decoding=\"async\" width=\"224\" height=\"160\" src=\"https:\/\/expoflora.fr\/wp-content\/uploads\/2024\/10\/hero01logo.png\" class=\"attachment-full size-full wp-image-1252\" alt=\"\" \/>\t\t\t\t\t\t\t\t<\/a>\n\t\t\t\t\t\t\t\t\t\t\t\t\t\t\t<\/div>\n\t\t\t\t<\/div>\n\t\t\t\t<\/div>\n\t\t<div class=\"elementor-element elementor-element-0d958fe e-con-full e-flex e-con e-child\" data-id=\"0d958fe\" data-element_type=\"container\">\n\t\t\t\t<div class=\"elementor-element elementor-element-3255514 elementor-widget elementor-widget-spacer\" data-id=\"3255514\" data-element_type=\"widget\" data-widget_type=\"spacer.default\">\n\t\t\t\t<div class=\"elementor-widget-container\">\n\t\t\t\t\t\t\t<div class=\"elementor-spacer\">\n\t\t\t<div class=\"elementor-spacer-inner\"><\/div>\n\t\t<\/div>\n\t\t\t\t\t\t<\/div>\n\t\t\t\t<\/div>\n\t\t\t\t<\/div>\n\t\t\t\t<\/div>\n\t\t<div class=\"elementor-element elementor-element-cf0b05e e-flex e-con-boxed e-con e-parent\" data-id=\"cf0b05e\" data-element_type=\"container\">\n\t\t\t\t\t<div class=\"e-con-inner\">\n\t\t<div class=\"elementor-element elementor-element-7b06bb6 e-con-full e-flex e-con e-child\" data-id=\"7b06bb6\" data-element_type=\"container\">\n\t\t\t\t<div class=\"elementor-element elementor-element-faf22fa animated-slow elementor-invisible elementor-widget elementor-widget-heading\" data-id=\"faf22fa\" data-element_type=\"widget\" data-settings=\"{&quot;_animation&quot;:&quot;fadeInUp&quot;}\" data-widget_type=\"heading.default\">\n\t\t\t\t<div class=\"elementor-widget-container\">\n\t\t\t\t\t<h2 class=\"elementor-heading-title elementor-size-default\">Legal notices<\/h2>\t\t\t\t<\/div>\n\t\t\t\t<\/div>\n\t\t\t\t<div class=\"elementor-element elementor-element-aa343a5 animated-slow elementor-invisible elementor-widget elementor-widget-text-editor\" data-id=\"aa343a5\" data-element_type=\"widget\" data-settings=\"{&quot;_animation&quot;:&quot;fadeInUp&quot;,&quot;_animation_delay&quot;:200}\" data-widget_type=\"text-editor.default\">\n\t\t\t\t<div class=\"elementor-widget-container\">\n\t\t\t\t\t\t\t\t\t<p><strong>Propri\u00e9taire du site :<\/strong><br \/>Expo Flora M\u00e9diterran\u00e9e<br \/>36 rue de Saint Martin, 77580 Voulangis<br \/>SIRET : 533 861 688 00018<br \/>Email : info@groupegarden.fr<\/p><p><strong>Directeur de la publication :<\/strong><br \/>Laurent Orecchini<br \/>Expo Flora M\u00e9diterran\u00e9e<\/p><p><strong>H\u00e9bergeur :<\/strong><br \/>GROUPE CELESTE &#8211; Nuxit<\/p><p>20 rue Albert Einstein, 77420 Champs sur Marne<\/p><p><strong>Droits d\u2019auteur et propri\u00e9t\u00e9 intellectuelle :<\/strong><br \/>Le contenu du site (textes, images, graphismes, logo, ic\u00f4nes, etc.) est la propri\u00e9t\u00e9 exclusive d\u2019Expo Flora M\u00e9diterran\u00e9e, sauf mention contraire. Toute reproduction, distribution, modification, adaptation, retransmission ou publication, m\u00eame partielle, de ces diff\u00e9rents \u00e9l\u00e9ments est strictement interdite sans l\u2019accord \u00e9crit d\u2019Expo Flora M\u00e9diterran\u00e9e.<\/p><p><strong>Protection des donn\u00e9es personnelles :<\/strong><br \/>Les informations personnelles recueillies sur le site sont exclusivement destin\u00e9es \u00e0 Expo Flora M\u00e9diterran\u00e9e pour le traitement des demandes. Conform\u00e9ment \u00e0 la loi \u201cInformatique et Libert\u00e9s\u201d du 6 janvier 1978 modifi\u00e9e et au R\u00e8glement G\u00e9n\u00e9ral sur la Protection des Donn\u00e9es (RGPD), vous disposez d\u2019un droit d\u2019acc\u00e8s, de rectification, de suppression et d\u2019opposition aux donn\u00e9es personnelles vous concernant.<\/p><p>Pour exercer ces droits, vous pouvez nous contacter par courrier \u00e0 l\u2019adresse suivante :<br \/>Expo Flora M\u00e9diterran\u00e9e<br \/>36 rue de Saint Martin, 77580 Voulangis<br \/>ou par email : info@groupegarden.fr<\/p><p><strong>Cookies :<\/strong><br \/>Le site peut \u00eatre amen\u00e9 \u00e0 utiliser des cookies pour am\u00e9liorer l&rsquo;exp\u00e9rience utilisateur et pour des raisons de statistiques. En naviguant sur ce site, vous acceptez l\u2019utilisation de cookies. Vous avez la possibilit\u00e9 de d\u00e9sactiver les cookies en modifiant les param\u00e8tres de votre navigateur.<\/p><p><strong>Limitation de responsabilit\u00e9 :<\/strong><br \/>Expo Flora M\u00e9diterran\u00e9e met tout en \u0153uvre pour fournir des informations fiables sur son site mais ne peut garantir l&rsquo;exactitude, la compl\u00e9tude et l&rsquo;actualit\u00e9 des informations diffus\u00e9es. En cons\u00e9quence, l&rsquo;utilisateur reconna\u00eet utiliser ces informations sous sa responsabilit\u00e9 exclusive.<\/p>\t\t\t\t\t\t\t\t<\/div>\n\t\t\t\t<\/div>\n\t\t\t\t<\/div>\n\t\t\t\t\t<\/div>\n\t\t\t\t<\/div>\n\t\t<div class=\"elementor-element elementor-element-67d2703 e-flex e-con-boxed e-con e-parent\" data-id=\"67d2703\" data-element_type=\"container\" data-settings=\"{&quot;background_background&quot;:&quot;classic&quot;}\">\n\t\t\t\t\t<div class=\"e-con-inner\">\n\t\t<div class=\"elementor-element elementor-element-0cfb4eb e-flex e-con-boxed e-con e-child\" data-id=\"0cfb4eb\" data-element_type=\"container\">\n\t\t\t\t\t<div class=\"e-con-inner\">\n\t\t<div class=\"elementor-element elementor-element-9ba27f2 e-con-full e-flex e-con e-child\" data-id=\"9ba27f2\" data-element_type=\"container\">\n\t\t\t\t<div class=\"elementor-element elementor-element-26905b9 elementor-widget elementor-widget-image\" data-id=\"26905b9\" data-element_type=\"widget\" data-widget_type=\"image.default\">\n\t\t\t\t<div class=\"elementor-widget-container\">\n\t\t\t\t\t\t\t\t\t\t\t\t\t\t\t\t<a href=\"https:\/\/legroupegarden.fr\/\">\n\t\t\t\t\t\t\t<img fetchpriority=\"high\" decoding=\"async\" width=\"486\" height=\"114\" src=\"https:\/\/expoflora.fr\/wp-content\/uploads\/2024\/10\/web-logo.png\" class=\"attachment-full size-full wp-image-1257\" alt=\"\" srcset=\"https:\/\/expoflora.fr\/wp-content\/uploads\/2024\/10\/web-logo.png 486w, https:\/\/expoflora.fr\/wp-content\/uploads\/2024\/10\/web-logo-300x70.png 300w\" sizes=\"(max-width: 486px) 100vw, 486px\" \/>\t\t\t\t\t\t\t\t<\/a>\n\t\t\t\t\t\t\t\t\t\t\t\t\t\t\t<\/div>\n\t\t\t\t<\/div>\n\t\t\t\t<\/div>\n\t\t<div class=\"elementor-element elementor-element-4773bb8 e-con-full e-flex e-con e-child\" data-id=\"4773bb8\" data-element_type=\"container\">\n\t\t\t\t<div class=\"elementor-element elementor-element-d59c3ab elementor-widget elementor-widget-image\" data-id=\"d59c3ab\" data-element_type=\"widget\" data-widget_type=\"image.default\">\n\t\t\t\t<div class=\"elementor-widget-container\">\n\t\t\t\t\t\t\t\t\t\t\t\t\t\t\t\t<a href=\"https:\/\/garden-expo.fr\/\">\n\t\t\t\t\t\t\t<img loading=\"lazy\" decoding=\"async\" width=\"280\" height=\"136\" src=\"https:\/\/expoflora.fr\/wp-content\/uploads\/2024\/10\/hero02logo.png\" class=\"attachment-full size-full wp-image-1253\" alt=\"\" \/>\t\t\t\t\t\t\t\t<\/a>\n\t\t\t\t\t\t\t\t\t\t\t\t\t\t\t<\/div>\n\t\t\t\t<\/div>\n\t\t\t\t<div class=\"elementor-element elementor-element-1edde94 elementor-widget elementor-widget-image\" data-id=\"1edde94\" data-element_type=\"widget\" data-widget_type=\"image.default\">\n\t\t\t\t<div class=\"elementor-widget-container\">\n\t\t\t\t\t\t\t\t\t\t\t\t\t\t\t\t<a href=\"https:\/\/garden-event.fr\/\">\n\t\t\t\t\t\t\t<img loading=\"lazy\" decoding=\"async\" width=\"280\" height=\"115\" src=\"https:\/\/expoflora.fr\/wp-content\/uploads\/2024\/10\/hero03logo.png\" class=\"attachment-full size-full wp-image-1254\" alt=\"\" \/>\t\t\t\t\t\t\t\t<\/a>\n\t\t\t\t\t\t\t\t\t\t\t\t\t\t\t<\/div>\n\t\t\t\t<\/div>\n\t\t\t\t<div class=\"elementor-element elementor-element-b28080c elementor-widget elementor-widget-image\" data-id=\"b28080c\" data-element_type=\"widget\" data-widget_type=\"image.default\">\n\t\t\t\t<div class=\"elementor-widget-container\">\n\t\t\t\t\t\t\t\t\t\t\t\t\t\t\t\t<a href=\"https:\/\/www.mademoisellejules.fr\/\">\n\t\t\t\t\t\t\t<img loading=\"lazy\" decoding=\"async\" width=\"268\" height=\"235\" src=\"https:\/\/expoflora.fr\/wp-content\/uploads\/2024\/10\/hero04logo.png\" class=\"attachment-full size-full wp-image-1255\" alt=\"\" \/>\t\t\t\t\t\t\t\t<\/a>\n\t\t\t\t\t\t\t\t\t\t\t\t\t\t\t<\/div>\n\t\t\t\t<\/div>\n\t\t\t\t<div class=\"elementor-element elementor-element-f863617 elementor-widget elementor-widget-image\" data-id=\"f863617\" data-element_type=\"widget\" data-widget_type=\"image.default\">\n\t\t\t\t<div class=\"elementor-widget-container\">\n\t\t\t\t\t\t\t\t\t\t\t\t\t\t\t\t<a href=\"https:\/\/expoflora.fr\/en\/\">\n\t\t\t\t\t\t\t<img decoding=\"async\" width=\"224\" height=\"160\" src=\"https:\/\/expoflora.fr\/wp-content\/uploads\/2024\/10\/hero01logo.png\" class=\"attachment-full size-full wp-image-1252\" alt=\"\" \/>\t\t\t\t\t\t\t\t<\/a>\n\t\t\t\t\t\t\t\t\t\t\t\t\t\t\t<\/div>\n\t\t\t\t<\/div>\n\t\t\t\t<\/div>\n\t\t<div class=\"elementor-element elementor-element-e048d34 e-flex e-con-boxed e-con e-child\" data-id=\"e048d34\" data-element_type=\"container\">\n\t\t\t\t\t<div class=\"e-con-inner\">\n\t\t\t\t<div class=\"elementor-element elementor-element-282f30d elementor-shape-rounded elementor-grid-0 elementor-widget elementor-widget-social-icons\" data-id=\"282f30d\" data-element_type=\"widget\" data-widget_type=\"social-icons.default\">\n\t\t\t\t<div class=\"elementor-widget-container\">\n\t\t\t\t\t\t\t<div class=\"elementor-social-icons-wrapper elementor-grid\" role=\"list\">\n\t\t\t\t\t\t\t<span class=\"elementor-grid-item\" role=\"listitem\">\n\t\t\t\t\t<a class=\"elementor-icon elementor-social-icon elementor-social-icon-facebook-f elementor-repeater-item-f126a7e\" href=\"https:\/\/www.facebook.com\/people\/Groupe-Garden-Expo\/100086475414346\/\" target=\"_blank\">\n\t\t\t\t\t\t<span class=\"elementor-screen-only\">Facebook-f<\/span>\n\t\t\t\t\t\t<svg aria-hidden=\"true\" class=\"e-font-icon-svg e-fab-facebook-f\" viewbox=\"0 0 320 512\" xmlns=\"http:\/\/www.w3.org\/2000\/svg\"><path d=\"M279.14 288l14.22-92.66h-88.91v-60.13c0-25.35 12.42-50.06 52.24-50.06h40.42V6.26S260.43 0 225.36 0c-73.22 0-121.08 44.38-121.08 124.72v70.62H22.89V288h81.39v224h100.17V288z\"><\/path><\/svg>\t\t\t\t\t<\/a>\n\t\t\t\t<\/span>\n\t\t\t\t\t\t\t<span class=\"elementor-grid-item\" role=\"listitem\">\n\t\t\t\t\t<a class=\"elementor-icon elementor-social-icon elementor-social-icon-instagram elementor-repeater-item-198109f\" href=\"https:\/\/www.instagram.com\/groupegarden\/\" target=\"_blank\">\n\t\t\t\t\t\t<span class=\"elementor-screen-only\">Instagram<\/span>\n\t\t\t\t\t\t<svg aria-hidden=\"true\" class=\"e-font-icon-svg e-fab-instagram\" viewbox=\"0 0 448 512\" xmlns=\"http:\/\/www.w3.org\/2000\/svg\"><path d=\"M224.1 141c-63.6 0-114.9 51.3-114.9 114.9s51.3 114.9 114.9 114.9S339 319.5 339 255.9 287.7 141 224.1 141zm0 189.6c-41.1 0-74.7-33.5-74.7-74.7s33.5-74.7 74.7-74.7 74.7 33.5 74.7 74.7-33.6 74.7-74.7 74.7zm146.4-194.3c0 14.9-12 26.8-26.8 26.8-14.9 0-26.8-12-26.8-26.8s12-26.8 26.8-26.8 26.8 12 26.8 26.8zm76.1 27.2c-1.7-35.9-9.9-67.7-36.2-93.9-26.2-26.2-58-34.4-93.9-36.2-37-2.1-147.9-2.1-184.9 0-35.8 1.7-67.6 9.9-93.9 36.1s-34.4 58-36.2 93.9c-2.1 37-2.1 147.9 0 184.9 1.7 35.9 9.9 67.7 36.2 93.9s58 34.4 93.9 36.2c37 2.1 147.9 2.1 184.9 0 35.9-1.7 67.7-9.9 93.9-36.2 26.2-26.2 34.4-58 36.2-93.9 2.1-37 2.1-147.8 0-184.8zM398.8 388c-7.8 19.6-22.9 34.7-42.6 42.6-29.5 11.7-99.5 9-132.1 9s-102.7 2.6-132.1-9c-19.6-7.8-34.7-22.9-42.6-42.6-11.7-29.5-9-99.5-9-132.1s-2.6-102.7 9-132.1c7.8-19.6 22.9-34.7 42.6-42.6 29.5-11.7 99.5-9 132.1-9s102.7-2.6 132.1 9c19.6 7.8 34.7 22.9 42.6 42.6 11.7 29.5 9 99.5 9 132.1s2.7 102.7-9 132.1z\"><\/path><\/svg>\t\t\t\t\t<\/a>\n\t\t\t\t<\/span>\n\t\t\t\t\t\t\t<span class=\"elementor-grid-item\" role=\"listitem\">\n\t\t\t\t\t<a class=\"elementor-icon elementor-social-icon elementor-social-icon-linkedin elementor-repeater-item-41e1891\" href=\"https:\/\/www.linkedin.com\/company\/groupe-garden1\/posts\/?feedView=all\" target=\"_blank\">\n\t\t\t\t\t\t<span class=\"elementor-screen-only\">Linkedin<\/span>\n\t\t\t\t\t\t<svg aria-hidden=\"true\" class=\"e-font-icon-svg e-fab-linkedin\" viewbox=\"0 0 448 512\" xmlns=\"http:\/\/www.w3.org\/2000\/svg\"><path d=\"M416 32H31.9C14.3 32 0 46.5 0 64.3v383.4C0 465.5 14.3 480 31.9 480H416c17.6 0 32-14.5 32-32.3V64.3c0-17.8-14.4-32.3-32-32.3zM135.4 416H69V202.2h66.5V416zm-33.2-243c-21.3 0-38.5-17.3-38.5-38.5S80.9 96 102.2 96c21.2 0 38.5 17.3 38.5 38.5 0 21.3-17.2 38.5-38.5 38.5zm282.1 243h-66.4V312c0-24.8-.5-56.7-34.5-56.7-34.6 0-39.9 27-39.9 54.9V416h-66.4V202.2h63.7v29.2h.9c8.9-16.8 30.6-34.5 62.9-34.5 67.2 0 79.7 44.3 79.7 101.9V416z\"><\/path><\/svg>\t\t\t\t\t<\/a>\n\t\t\t\t<\/span>\n\t\t\t\t\t<\/div>\n\t\t\t\t\t\t<\/div>\n\t\t\t\t<\/div>\n\t\t\t\t\t<\/div>\n\t\t\t\t<\/div>\n\t\t\t\t\t<\/div>\n\t\t\t\t<\/div>\n\t\t<div class=\"elementor-element elementor-element-e93811f e-con-full e-flex e-con e-child\" data-id=\"e93811f\" data-element_type=\"container\">\n\t\t<div class=\"elementor-element elementor-element-234ef15 e-con-full e-flex e-con e-child\" data-id=\"234ef15\" data-element_type=\"container\">\n\t\t\t\t<div class=\"elementor-element elementor-element-303607b elementor-widget elementor-widget-heading\" data-id=\"303607b\" data-element_type=\"widget\" data-widget_type=\"heading.default\">\n\t\t\t\t<div class=\"elementor-widget-container\">\n\t\t\t\t\t<span class=\"elementor-heading-title elementor-size-default\">Copyright GROUPE GARDEN 2024<\/span>\t\t\t\t<\/div>\n\t\t\t\t<\/div>\n\t\t\t\t<\/div>\n\t\t<div class=\"elementor-element elementor-element-db9e464 e-con-full e-flex e-con e-child\" data-id=\"db9e464\" data-element_type=\"container\">\n\t\t\t\t<div class=\"elementor-element elementor-element-83d2639 elementor-widget elementor-widget-heading\" data-id=\"83d2639\" data-element_type=\"widget\" data-widget_type=\"heading.default\">\n\t\t\t\t<div class=\"elementor-widget-container\">\n\t\t\t\t\t<span class=\"elementor-heading-title elementor-size-default\"><a href=\"https:\/\/slush.fr\">Webdesign SLUSH.FR<\/a><\/span>\t\t\t\t<\/div>\n\t\t\t\t<\/div>\n\t\t\t\t<\/div>\n\t\t\t\t<\/div>\n\t\t\t\t\t<\/div>\n\t\t\t\t<\/div>\n\t\t\t\t<\/div>","protected":false},"excerpt":{"rendered":"<p>Mentions l\u00e9gales Propri\u00e9taire du site :Expo Flora M\u00e9diterran\u00e9e36 rue de Saint Martin, 77580 VoulangisSIRET : 533 861 688 00018Email : info@groupegarden.fr Directeur de la publication :Laurent OrecchiniExpo Flora M\u00e9diterran\u00e9e H\u00e9bergeur :GROUPE CELESTE &#8211; Nuxit 20 rue Albert Einstein, 77420 Champs sur Marne Droits d\u2019auteur et propri\u00e9t\u00e9 intellectuelle :Le contenu du site (textes, images, graphismes, logo, [&hellip;]<\/p>","protected":false},"author":1,"featured_media":0,"parent":0,"menu_order":0,"comment_status":"closed","ping_status":"closed","template":"elementor_header_footer","meta":{"footnotes":""},"class_list":["post-2321","page","type-page","status-publish","hentry"],"yoast_head":"<!-- This site is optimized with the Yoast SEO plugin v26.6 - https:\/\/yoast.com\/wordpress\/plugins\/seo\/ -->\n<title>Mentions l\u00e9gales - EXPO FLORA M\u00e9diterran\u00e9e<\/title>\n<meta name=\"description\" content=\"D\u00e9corateur de stands, sp\u00e9cialis\u00e9 dans lacr\u00e9ation de compositions sur mesure pour structurer et sublimer les espaces.\" \/>\n<meta name=\"robots\" content=\"index, follow, max-snippet:-1, max-image-preview:large, max-video-preview:-1\" \/>\n<link rel=\"canonical\" href=\"https:\/\/expoflora.fr\/en\/mentions-legales\/\" \/>\n<meta property=\"og:locale\" content=\"en_GB\" \/>\n<meta property=\"og:type\" content=\"article\" \/>\n<meta property=\"og:title\" content=\"Mentions l\u00e9gales - EXPO FLORA M\u00e9diterran\u00e9e\" \/>\n<meta property=\"og:description\" content=\"D\u00e9corateur de stands, sp\u00e9cialis\u00e9 dans lacr\u00e9ation de compositions sur mesure pour structurer et sublimer les espaces.\" \/>\n<meta property=\"og:url\" content=\"https:\/\/expoflora.fr\/en\/mentions-legales\/\" \/>\n<meta property=\"og:site_name\" content=\"EXPO FLORA M\u00e9diterran\u00e9e\" \/>\n<meta property=\"article:modified_time\" content=\"2024-11-08T13:06:58+00:00\" \/>\n<meta property=\"og:image\" content=\"https:\/\/expoflora.fr\/wp-content\/uploads\/2024\/10\/menu-toggle.png\" \/>\n\t<meta property=\"og:image:width\" content=\"39\" \/>\n\t<meta property=\"og:image:height\" content=\"28\" \/>\n\t<meta property=\"og:image:type\" content=\"image\/png\" \/>\n<meta name=\"twitter:card\" content=\"summary_large_image\" \/>\n<meta name=\"twitter:label1\" content=\"Estimated reading time\" \/>\n\t<meta name=\"twitter:data1\" content=\"3 minutes\" \/>\n<script type=\"application\/ld+json\" class=\"yoast-schema-graph\">{\"@context\":\"https:\/\/schema.org\",\"@graph\":[{\"@type\":\"WebPage\",\"@id\":\"https:\/\/expoflora.fr\/mentions-legales\/\",\"url\":\"https:\/\/expoflora.fr\/mentions-legales\/\",\"name\":\"Mentions l\u00e9gales - EXPO FLORA M\u00e9diterran\u00e9e\",\"isPartOf\":{\"@id\":\"https:\/\/expoflora.fr\/#website\"},\"primaryImageOfPage\":{\"@id\":\"https:\/\/expoflora.fr\/mentions-legales\/#primaryimage\"},\"image\":{\"@id\":\"https:\/\/expoflora.fr\/mentions-legales\/#primaryimage\"},\"thumbnailUrl\":\"https:\/\/expoflora.fr\/wp-content\/uploads\/2024\/10\/menu-toggle.png\",\"datePublished\":\"2024-11-08T12:59:41+00:00\",\"dateModified\":\"2024-11-08T13:06:58+00:00\",\"description\":\"D\u00e9corateur de stands, sp\u00e9cialis\u00e9 dans lacr\u00e9ation de compositions sur mesure pour structurer et sublimer les espaces.\",\"breadcrumb\":{\"@id\":\"https:\/\/expoflora.fr\/mentions-legales\/#breadcrumb\"},\"inLanguage\":\"en-GB\",\"potentialAction\":[{\"@type\":\"ReadAction\",\"target\":[\"https:\/\/expoflora.fr\/mentions-legales\/\"]}]},{\"@type\":\"ImageObject\",\"inLanguage\":\"en-GB\",\"@id\":\"https:\/\/expoflora.fr\/mentions-legales\/#primaryimage\",\"url\":\"https:\/\/expoflora.fr\/wp-content\/uploads\/2024\/10\/menu-toggle.png\",\"contentUrl\":\"https:\/\/expoflora.fr\/wp-content\/uploads\/2024\/10\/menu-toggle.png\"},{\"@type\":\"BreadcrumbList\",\"@id\":\"https:\/\/expoflora.fr\/mentions-legales\/#breadcrumb\",\"itemListElement\":[{\"@type\":\"ListItem\",\"position\":1,\"name\":\"Accueil\",\"item\":\"https:\/\/expoflora.fr\/\"},{\"@type\":\"ListItem\",\"position\":2,\"name\":\"Mentions l\u00e9gales\"}]},{\"@type\":\"WebSite\",\"@id\":\"https:\/\/expoflora.fr\/#website\",\"url\":\"https:\/\/expoflora.fr\/\",\"name\":\"EXPO FLORA M\u00e9diterran\u00e9e\",\"description\":\"Une soci\u00e9t\u00e9 du GROUPE GARDEN\",\"potentialAction\":[{\"@type\":\"SearchAction\",\"target\":{\"@type\":\"EntryPoint\",\"urlTemplate\":\"https:\/\/expoflora.fr\/?s={search_term_string}\"},\"query-input\":{\"@type\":\"PropertyValueSpecification\",\"valueRequired\":true,\"valueName\":\"search_term_string\"}}],\"inLanguage\":\"en-GB\"}]}<\/script>\n<!-- \/ Yoast SEO plugin. -->","yoast_head_json":{"title":"Mentions l\u00e9gales - EXPO FLORA M\u00e9diterran\u00e9e","description":"D\u00e9corateur de stands, sp\u00e9cialis\u00e9 dans lacr\u00e9ation de compositions sur mesure pour structurer et sublimer les espaces.","robots":{"index":"index","follow":"follow","max-snippet":"max-snippet:-1","max-image-preview":"max-image-preview:large","max-video-preview":"max-video-preview:-1"},"canonical":"https:\/\/expoflora.fr\/en\/mentions-legales\/","og_locale":"en_GB","og_type":"article","og_title":"Mentions l\u00e9gales - EXPO FLORA M\u00e9diterran\u00e9e","og_description":"D\u00e9corateur de stands, sp\u00e9cialis\u00e9 dans lacr\u00e9ation de compositions sur mesure pour structurer et sublimer les espaces.","og_url":"https:\/\/expoflora.fr\/en\/mentions-legales\/","og_site_name":"EXPO FLORA M\u00e9diterran\u00e9e","article_modified_time":"2024-11-08T13:06:58+00:00","og_image":[{"width":39,"height":28,"url":"https:\/\/expoflora.fr\/wp-content\/uploads\/2024\/10\/menu-toggle.png","type":"image\/png"}],"twitter_card":"summary_large_image","twitter_misc":{"Estimated reading time":"3 minutes"},"schema":{"@context":"https:\/\/schema.org","@graph":[{"@type":"WebPage","@id":"https:\/\/expoflora.fr\/mentions-legales\/","url":"https:\/\/expoflora.fr\/mentions-legales\/","name":"Mentions l\u00e9gales - EXPO FLORA M\u00e9diterran\u00e9e","isPartOf":{"@id":"https:\/\/expoflora.fr\/#website"},"primaryImageOfPage":{"@id":"https:\/\/expoflora.fr\/mentions-legales\/#primaryimage"},"image":{"@id":"https:\/\/expoflora.fr\/mentions-legales\/#primaryimage"},"thumbnailUrl":"https:\/\/expoflora.fr\/wp-content\/uploads\/2024\/10\/menu-toggle.png","datePublished":"2024-11-08T12:59:41+00:00","dateModified":"2024-11-08T13:06:58+00:00","description":"D\u00e9corateur de stands, sp\u00e9cialis\u00e9 dans lacr\u00e9ation de compositions sur mesure pour structurer et sublimer les espaces.","breadcrumb":{"@id":"https:\/\/expoflora.fr\/mentions-legales\/#breadcrumb"},"inLanguage":"en-GB","potentialAction":[{"@type":"ReadAction","target":["https:\/\/expoflora.fr\/mentions-legales\/"]}]},{"@type":"ImageObject","inLanguage":"en-GB","@id":"https:\/\/expoflora.fr\/mentions-legales\/#primaryimage","url":"https:\/\/expoflora.fr\/wp-content\/uploads\/2024\/10\/menu-toggle.png","contentUrl":"https:\/\/expoflora.fr\/wp-content\/uploads\/2024\/10\/menu-toggle.png"},{"@type":"BreadcrumbList","@id":"https:\/\/expoflora.fr\/mentions-legales\/#breadcrumb","itemListElement":[{"@type":"ListItem","position":1,"name":"Accueil","item":"https:\/\/expoflora.fr\/"},{"@type":"ListItem","position":2,"name":"Mentions l\u00e9gales"}]},{"@type":"WebSite","@id":"https:\/\/expoflora.fr\/#website","url":"https:\/\/expoflora.fr\/","name":"EXPO FLORA M\u00e9diterran\u00e9e","description":"Une soci\u00e9t\u00e9 du GROUPE GARDEN","potentialAction":[{"@type":"SearchAction","target":{"@type":"EntryPoint","urlTemplate":"https:\/\/expoflora.fr\/?s={search_term_string}"},"query-input":{"@type":"PropertyValueSpecification","valueRequired":true,"valueName":"search_term_string"}}],"inLanguage":"en-GB"}]}},"_links":{"self":[{"href":"https:\/\/expoflora.fr\/en\/wp-json\/wp\/v2\/pages\/2321","targetHints":{"allow":["GET"]}}],"collection":[{"href":"https:\/\/expoflora.fr\/en\/wp-json\/wp\/v2\/pages"}],"about":[{"href":"https:\/\/expoflora.fr\/en\/wp-json\/wp\/v2\/types\/page"}],"author":[{"embeddable":true,"href":"https:\/\/expoflora.fr\/en\/wp-json\/wp\/v2\/users\/1"}],"replies":[{"embeddable":true,"href":"https:\/\/expoflora.fr\/en\/wp-json\/wp\/v2\/comments?post=2321"}],"version-history":[{"count":9,"href":"https:\/\/expoflora.fr\/en\/wp-json\/wp\/v2\/pages\/2321\/revisions"}],"predecessor-version":[{"id":2342,"href":"https:\/\/expoflora.fr\/en\/wp-json\/wp\/v2\/pages\/2321\/revisions\/2342"}],"wp:attachment":[{"href":"https:\/\/expoflora.fr\/en\/wp-json\/wp\/v2\/media?parent=2321"}],"curies":[{"name":"wp","href":"https:\/\/api.w.org\/{rel}","templated":true}]}}